{"id":4217,"date":"2025-08-08T15:10:08","date_gmt":"2025-08-08T12:10:08","guid":{"rendered":"https:\/\/rehaira.com\/faq-items\/wer-ist-ein-geeigneter-kandidat-fuer-fue-saphir\/"},"modified":"2025-08-08T15:10:08","modified_gmt":"2025-08-08T12:10:08","slug":"wer-ist-ein-geeigneter-kandidat-fuer-fue-saphir","status":"publish","type":"avada_faq","link":"https:\/\/rehaira.com\/de\/faq-items\/wer-ist-ein-geeigneter-kandidat-fuer-fue-saphir\/","title":{"rendered":"Wer ist ein geeigneter Kandidat f\u00fcr FUE Saphir?"},"content":{"rendered":"<p>FUE Saphir eignet sich am besten f\u00fcr Patienten mit vollst\u00e4ndig kahlen Stellen, die eine maximale Abdeckung und nat\u00fcrlich aussehende Dichte w\u00fcnschen. Es wird auch f\u00fcr diejenigen empfohlen, die eine gro\u00dffl\u00e4chige Wiederherstellung in einer einzigen Sitzung anstreben. <\/p>\n","protected":false},"excerpt":{"rendered":"<p>FUE Saphir eignet sich am besten f\u00fcr Patienten mit vollst\u00e4ndig  [&#8230;]<\/p>\n","protected":false},"author":1,"featured_media":0,"menu_order":0,"comment_status":"open","ping_status":"closed","template":"","format":"standard","meta":{"_acf_changed":false,"footnotes":""},"faq_category":[259,260],"class_list":["post-4217","avada_faq","type-avada_faq","status-publish","format-standard","hentry","faq_category-fue-saphir-haartransplantation","faq_category-fue-saphir-im-fokus"],"acf":[],"_links":{"self":[{"href":"https:\/\/rehaira.com\/de\/wp-json\/wp\/v2\/avada_faq\/4217","targetHints":{"allow":["GET"]}}],"collection":[{"href":"https:\/\/rehaira.com\/de\/wp-json\/wp\/v2\/avada_faq"}],"about":[{"href":"https:\/\/rehaira.com\/de\/wp-json\/wp\/v2\/types\/avada_faq"}],"author":[{"embeddable":true,"href":"https:\/\/rehaira.com\/de\/wp-json\/wp\/v2\/users\/1"}],"replies":[{"embeddable":true,"href":"https:\/\/rehaira.com\/de\/wp-json\/wp\/v2\/comments?post=4217"}],"version-history":[{"count":0,"href":"https:\/\/rehaira.com\/de\/wp-json\/wp\/v2\/avada_faq\/4217\/revisions"}],"wp:attachment":[{"href":"https:\/\/rehaira.com\/de\/wp-json\/wp\/v2\/media?parent=4217"}],"wp:term":[{"taxonomy":"faq_category","embeddable":true,"href":"https:\/\/rehaira.com\/de\/wp-json\/wp\/v2\/faq_category?post=4217"}],"curies":[{"name":"wp","href":"https:\/\/api.w.org\/{rel}","templated":true}]}}