{"id":4489,"date":"2025-08-08T15:15:55","date_gmt":"2025-08-08T12:15:55","guid":{"rendered":"https:\/\/rehaira.com\/faq-items\/qui-est-une-bonne-candidate-pour-une-greffe-de-cheveux-chez-la-femme\/"},"modified":"2025-08-08T15:15:55","modified_gmt":"2025-08-08T12:15:55","slug":"qui-est-une-bonne-candidate-pour-une-greffe-de-cheveux-chez-la-femme","status":"publish","type":"avada_faq","link":"https:\/\/rehaira.com\/fr\/faq-items\/qui-est-une-bonne-candidate-pour-une-greffe-de-cheveux-chez-la-femme\/","title":{"rendered":"Qui est une bonne candidate pour une greffe de cheveux chez la femme&nbsp;?"},"content":{"rendered":"<p>Les femmes souffrant d\u2019un \u00e9claircissement g\u00e9n\u00e9ral, de zones de calvitie localis\u00e9es, d\u2019une ligne de cheveux irr\u00e9guli\u00e8re ou d\u2019une perte de cheveux due \u00e0 une blessure, \u00e0 des br\u00fblures ou \u00e0 une intervention chirurgicale ant\u00e9rieure peuvent \u00eatre de bonnes candidates. L\u2019ad\u00e9quation est confirm\u00e9e apr\u00e8s un examen m\u00e9dical. <\/p>\n","protected":false},"excerpt":{"rendered":"<p>Les femmes souffrant d\u2019un \u00e9claircissement g\u00e9n\u00e9ral, de zones de calvitie  [&#8230;]<\/p>\n","protected":false},"author":1,"featured_media":0,"menu_order":0,"comment_status":"open","ping_status":"closed","template":"","format":"standard","meta":{"_acf_changed":false,"footnotes":""},"faq_category":[269],"class_list":["post-4489","avada_faq","type-avada_faq","status-publish","format-standard","hentry","faq_category-caracteristiques-de-la-greffe-de-cheveux-pour-femmes"],"acf":[],"_links":{"self":[{"href":"https:\/\/rehaira.com\/fr\/wp-json\/wp\/v2\/avada_faq\/4489","targetHints":{"allow":["GET"]}}],"collection":[{"href":"https:\/\/rehaira.com\/fr\/wp-json\/wp\/v2\/avada_faq"}],"about":[{"href":"https:\/\/rehaira.com\/fr\/wp-json\/wp\/v2\/types\/avada_faq"}],"author":[{"embeddable":true,"href":"https:\/\/rehaira.com\/fr\/wp-json\/wp\/v2\/users\/1"}],"replies":[{"embeddable":true,"href":"https:\/\/rehaira.com\/fr\/wp-json\/wp\/v2\/comments?post=4489"}],"version-history":[{"count":0,"href":"https:\/\/rehaira.com\/fr\/wp-json\/wp\/v2\/avada_faq\/4489\/revisions"}],"wp:attachment":[{"href":"https:\/\/rehaira.com\/fr\/wp-json\/wp\/v2\/media?parent=4489"}],"wp:term":[{"taxonomy":"faq_category","embeddable":true,"href":"https:\/\/rehaira.com\/fr\/wp-json\/wp\/v2\/faq_category?post=4489"}],"curies":[{"name":"wp","href":"https:\/\/api.w.org\/{rel}","templated":true}]}}